{"id":218,"date":"2025-10-17T11:35:12","date_gmt":"2025-10-17T08:35:12","guid":{"rendered":"https:\/\/www.vlm-audio.com\/?page_id=218"},"modified":"2025-10-17T12:06:07","modified_gmt":"2025-10-17T09:06:07","slug":"destek-garanti","status":"publish","type":"page","link":"https:\/\/www.vlm-audio.com\/index.php\/destek-garanti\/","title":{"rendered":"Destek &#038; Garanti"},"content":{"rendered":"\t\t<div data-elementor-type=\"wp-page\" data-elementor-id=\"218\" class=\"elementor elementor-218\">\n\t\t\t\t<div class=\"elementor-element elementor-element-274fbf0 e-flex e-con-boxed e-con e-parent\" data-id=\"274fbf0\" data-element_type=\"container\" data-e-type=\"container\" data-settings=\"{&quot;background_background&quot;:&quot;classic&quot;}\">\n\t\t\t\t\t<div class=\"e-con-inner\">\n\t\t\t\t<div class=\"elementor-element elementor-element-e23eda3 elementor-widget elementor-widget-heading\" data-id=\"e23eda3\" data-element_type=\"widget\" data-e-type=\"widget\" data-widget_type=\"heading.default\">\n\t\t\t\t\t<h2 class=\"elementor-heading-title elementor-size-default\">Destek &amp; Garanti<\/h2>\t\t\t\t<\/div>\n\t\t\t\t\t<\/div>\n\t\t\t\t<\/div>\n\t\t<div class=\"elementor-element elementor-element-2e9cb72 e-flex e-con-boxed e-con e-parent\" data-id=\"2e9cb72\" data-element_type=\"container\" data-e-type=\"container\" data-settings=\"{&quot;background_background&quot;:&quot;classic&quot;}\">\n\t\t\t\t\t<div class=\"e-con-inner\">\n\t\t<div class=\"elementor-element elementor-element-ff66ce0 e-con-full e-flex e-con e-child\" data-id=\"ff66ce0\" data-element_type=\"container\" data-e-type=\"container\">\n\t\t\t\t<div class=\"elementor-element elementor-element-e150f5d elementor-widget elementor-widget-heading\" data-id=\"e150f5d\" data-element_type=\"widget\" data-e-type=\"widget\" data-widget_type=\"heading.default\">\n\t\t\t\t\t<h2 class=\"elementor-heading-title elementor-size-default\">VLM-Audi G\u00fcvencesiyle Ses Kalitesi ve Hizmet Bir Arada<\/h2>\t\t\t\t<\/div>\n\t\t\t\t<div class=\"elementor-element elementor-element-c2a0753 elementor-widget elementor-widget-text-editor\" data-id=\"c2a0753\" data-element_type=\"widget\" data-e-type=\"widget\" data-widget_type=\"text-editor.default\">\n\t\t\t\t\t\t\t\t\t<p data-start=\"344\" data-end=\"612\">VLM-Audi olarak, yaln\u0131zca \u00fcst\u00fcn ses teknolojileri sunmakla kalm\u0131yor, ayn\u0131 zamanda sat\u0131\u015f sonras\u0131 s\u00fcre\u00e7te de kullan\u0131c\u0131lar\u0131m\u0131z\u0131n yan\u0131nda yer al\u0131yoruz. \u00dcr\u00fcnlerimizin her biri, y\u00fcksek kalite standartlar\u0131na uygun olarak \u00fcretilir ve titiz kalite kontrol testlerinden ge\u00e7er.<\/p><p data-start=\"614\" data-end=\"840\">Bu nedenle t\u00fcm VLM-Audi \u00fcr\u00fcnleri, <strong data-start=\"648\" data-end=\"673\">2 y\u0131l (24 ay) garanti<\/strong> kapsam\u0131ndad\u0131r. Garanti s\u00fcresi boyunca \u00fcr\u00fcn\u00fcn\u00fczde \u00fcretimden kaynakl\u0131 bir ar\u0131za meydana gelmesi durumunda, \u00fccretsiz onar\u0131m veya de\u011fi\u015fim hizmetinden faydalanabilirsiniz.<\/p>\t\t\t\t\t\t\t\t<\/div>\n\t\t\t\t<\/div>\n\t\t<div class=\"elementor-element elementor-element-4482a10 e-con-full e-flex e-con e-child\" data-id=\"4482a10\" data-element_type=\"container\" data-e-type=\"container\">\n\t\t\t\t<div class=\"elementor-element elementor-element-f5643e2 elementor-widget elementor-widget-heading\" data-id=\"f5643e2\" data-element_type=\"widget\" data-e-type=\"widget\" data-widget_type=\"heading.default\">\n\t\t\t\t\t<h2 class=\"elementor-heading-title elementor-size-default\">Garanti Kapsam\u0131<\/h2>\t\t\t\t<\/div>\n\t\t\t\t<div class=\"elementor-element elementor-element-bf043c5 elementor-widget elementor-widget-text-editor\" data-id=\"bf043c5\" data-element_type=\"widget\" data-e-type=\"widget\" data-widget_type=\"text-editor.default\">\n\t\t\t\t\t\t\t\t\t<p>Garanti hizmetimiz a\u015fa\u011f\u0131daki durumlar\u0131 kapsar :<\/p>\t\t\t\t\t\t\t\t<\/div>\n\t\t\t\t<div class=\"elementor-element elementor-element-08037fc elementor-widget elementor-widget-text-editor\" data-id=\"08037fc\" data-element_type=\"widget\" data-e-type=\"widget\" data-widget_type=\"text-editor.default\">\n\t\t\t\t\t\t\t\t\t<p>\u00dcretim veya montaj hatas\u0131ndan kaynakl\u0131 ar\u0131zalar<\/p><p data-start=\"974\" data-end=\"1033\">Normal kullan\u0131m ko\u015fullar\u0131nda ortaya \u00e7\u0131kan teknik sorunlar<\/p><p data-start=\"1036\" data-end=\"1105\">Yetkili servis m\u00fcdahalesi gerektiren yaz\u0131l\u0131m veya donan\u0131m ar\u0131zalar\u0131<\/p>\t\t\t\t\t\t\t\t<\/div>\n\t\t\t\t<div class=\"elementor-element elementor-element-d02efe5 elementor-widget elementor-widget-text-editor\" data-id=\"d02efe5\" data-element_type=\"widget\" data-e-type=\"widget\" data-widget_type=\"text-editor.default\">\n\t\t\t\t\t\t\t\t\t<p data-start=\"1107\" data-end=\"1153\">A\u015fa\u011f\u0131daki durumlar garanti kapsam\u0131 d\u0131\u015f\u0131ndad\u0131r :<\/p>\t\t\t\t\t\t\t\t<\/div>\n\t\t\t\t<div class=\"elementor-element elementor-element-ddbd96a elementor-widget elementor-widget-text-editor\" data-id=\"ddbd96a\" data-element_type=\"widget\" data-e-type=\"widget\" data-widget_type=\"text-editor.default\">\n\t\t\t\t\t\t\t\t\t<p data-start=\"1157\" data-end=\"1259\">Kullan\u0131c\u0131 hatas\u0131ndan kaynaklanan fiziksel hasarlar (d\u00fc\u015fme, s\u0131v\u0131 temas\u0131, yanl\u0131\u015f voltaj kullan\u0131m\u0131 vb.)<\/p><p data-start=\"1262\" data-end=\"1318\">Yetkisiz m\u00fcdahale, modifikasyon veya tamir giri\u015fimleri<\/p><p data-start=\"1321\" data-end=\"1384\">A\u015f\u0131r\u0131 \u00e7evresel ko\u015fullardan (\u0131s\u0131, nem, toz vb.) do\u011fan ar\u0131zalar<\/p>\t\t\t\t\t\t\t\t<\/div>\n\t\t\t\t<\/div>\n\t\t<div class=\"elementor-element elementor-element-68202fd e-con-full e-flex e-con e-child\" data-id=\"68202fd\" data-element_type=\"container\" data-e-type=\"container\">\n\t\t\t\t<div class=\"elementor-element elementor-element-08ea551 elementor-widget elementor-widget-heading\" data-id=\"08ea551\" data-element_type=\"widget\" data-e-type=\"widget\" data-widget_type=\"heading.default\">\n\t\t\t\t\t<h2 class=\"elementor-heading-title elementor-size-default\">Destek Al\u0131n<\/h2>\t\t\t\t<\/div>\n\t\t\t\t<div class=\"elementor-element elementor-element-b9bca20 elementor-widget elementor-widget-text-editor\" data-id=\"b9bca20\" data-element_type=\"widget\" data-e-type=\"widget\" data-widget_type=\"text-editor.default\">\n\t\t\t\t\t\t\t\t\t<p>\u00dcr\u00fcn\u00fcn\u00fczle ilgili teknik bir sorun mu ya\u015f\u0131yorsunuz?<br data-start=\"1463\" data-end=\"1466\" \/>M\u00fc\u015fteri destek ekibimiz, size en h\u0131zl\u0131 \u015fekilde yard\u0131mc\u0131 olmak i\u00e7in haz\u0131r.<\/p>\t\t\t\t\t\t\t\t<\/div>\n\t\t\t\t<\/div>\n\t\t\t\t\t<\/div>\n\t\t\t\t<\/div>\n\t\t\t\t<\/div>\n\t\t","protected":false},"excerpt":{"rendered":"<p>Destek &amp; Garanti VLM-Audi G\u00fcvencesiyle Ses Kalitesi ve Hizmet Bir Arada VLM-Audi olarak, yaln\u0131zca \u00fcst\u00fcn ses teknolojileri sunmakla kalm\u0131yor, ayn\u0131 zamanda sat\u0131\u015f sonras\u0131 s\u00fcre\u00e7te de kullan\u0131c\u0131lar\u0131m\u0131z\u0131n yan\u0131nda yer al\u0131yoruz. \u00dcr\u00fcnlerimizin her biri, y\u00fcksek kalite standartlar\u0131na uygun olarak \u00fcretilir ve titiz kalite kontrol testlerinden ge\u00e7er. Bu nedenle t\u00fcm VLM-Audi \u00fcr\u00fcnleri, 2 y\u0131l (24 ay) garanti kapsam\u0131ndad\u0131r&#8230;.<\/p>\n","protected":false},"author":1,"featured_media":0,"parent":0,"menu_order":0,"comment_status":"closed","ping_status":"closed","template":"","meta":{"_kadence_starter_templates_imported_post":false,"_kad_post_transparent":"","_kad_post_title":"hide","_kad_post_layout":"fullwidth","_kad_post_sidebar_id":"","_kad_post_content_style":"unboxed","_kad_post_vertical_padding":"hide","_kad_post_feature":"hide","_kad_post_feature_position":"","_kad_post_header":false,"_kad_post_footer":false,"_kad_post_classname":"","footnotes":""},"class_list":["post-218","page","type-page","status-publish","hentry"],"_links":{"self":[{"href":"https:\/\/www.vlm-audio.com\/index.php\/wp-json\/wp\/v2\/pages\/218","targetHints":{"allow":["GET"]}}],"collection":[{"href":"https:\/\/www.vlm-audio.com\/index.php\/wp-json\/wp\/v2\/pages"}],"about":[{"href":"https:\/\/www.vlm-audio.com\/index.php\/wp-json\/wp\/v2\/types\/page"}],"author":[{"embeddable":true,"href":"https:\/\/www.vlm-audio.com\/index.php\/wp-json\/wp\/v2\/users\/1"}],"replies":[{"embeddable":true,"href":"https:\/\/www.vlm-audio.com\/index.php\/wp-json\/wp\/v2\/comments?post=218"}],"version-history":[{"count":10,"href":"https:\/\/www.vlm-audio.com\/index.php\/wp-json\/wp\/v2\/pages\/218\/revisions"}],"predecessor-version":[{"id":252,"href":"https:\/\/www.vlm-audio.com\/index.php\/wp-json\/wp\/v2\/pages\/218\/revisions\/252"}],"wp:attachment":[{"href":"https:\/\/www.vlm-audio.com\/index.php\/wp-json\/wp\/v2\/media?parent=218"}],"curies":[{"name":"wp","href":"https:\/\/api.w.org\/{rel}","templated":true}]}}